{"id":797,"date":"2026-08-14T10:55:02","date_gmt":"2026-08-14T08:55:02","guid":{"rendered":"https:\/\/sansserif.fr\/?page_id=797"},"modified":"2026-08-14T10:55:02","modified_gmt":"2026-08-14T08:55:02","slug":"256lab","status":"publish","type":"page","link":"https:\/\/sansserif.fr\/?page_id=797","title":{"rendered":"256LAB"},"content":{"rendered":"\n<div class=\"wp-block-group alignfull has-ti-bg-background-color has-background is-layout-flow wp-block-group-is-layout-flow\" style=\"padding-top:6vw;padding-right:6vw;padding-bottom:6vw;padding-left:6vw\">\n<div class=\"wp-block-group is-vertical is-nowrap is-layout-flex wp-container-core-group-is-layout-3b7b300c wp-block-group-is-layout-flex\" style=\"padding-right:0;padding-left:0\">\n<h6 id=\"ecosystem\" class=\"wp-block-heading has-text-color\" style=\"color:#000000;font-size:16px\">Branding<\/h6>\n\n\n\n<p class=\"has-text-color wp-block-paragraph\" style=\"color:#000000;font-size:6vw;font-style:normal;font-weight:700;letter-spacing:0px;line-height:0.9;text-decoration:none;text-transform:none\">256LAB<\/p>\n<\/div>\n\n\n\n<div style=\"height:0px\" aria-hidden=\"true\" class=\"wp-block-spacer\"><\/div>\n\n\n\n<div class=\"wp-block-group alignwide is-layout-constrained wp-container-core-group-is-layout-bf4bb6be wp-block-group-is-layout-constrained\" style=\"padding-top:0;padding-right:0;padding-bottom:0;padding-left:0\">\n<div class=\"wp-block-columns alignwide is-layout-flex wp-container-core-columns-is-layout-d660dcf9 wp-block-columns-is-layout-flex\">\n<div class=\"wp-block-column is-vertically-aligned-center is-layout-flow wp-block-column-is-layout-flow\" style=\"flex-basis:49.83%\">\n<p class=\"wp-block-paragraph\"><\/p>\n\n\n\n<p class=\"has-text-color wp-block-paragraph\" style=\"color:#000000;font-size:17px\">Refonte de l&rsquo;identit\u00e9 de marque de <strong>256LAB<\/strong> (Paris).<\/p>\n\n\n\n<p class=\"has-text-color wp-block-paragraph\" style=\"color:#000000;font-size:17px\">256LAB est une soci\u00e9t\u00e9 de capture num\u00e9rique bas\u00e9e \u00e0 Paris fond\u00e9e par Benjamin Marois.&nbsp;<\/p>\n\n\n\n<p class=\"has-text-color wp-block-paragraph\" style=\"color:#000000;font-size:17px\">Sans Serif l\u2019a accompagn\u00e9 dans l\u2019\u00e9volution de son identit\u00e9 de marque, jusqu\u2019ici limit\u00e9e \u00e0 un logo.&nbsp;<\/p>\n\n\n\n<ul class=\"wp-block-list\">\n<li>Identit\u00e9 visuelle (logo et charte graphique)<\/li>\n\n\n\n<li>Branding du mat\u00e9riel<\/li>\n\n\n\n<li>Fonds d&rsquo;\u00e9cran<\/li>\n\n\n\n<li>Papeterie<\/li>\n<\/ul>\n<\/div>\n\n\n\n<div class=\"wp-block-column is-layout-flow wp-block-column-is-layout-flow\" style=\"flex-basis:35%\">\n<figure class=\"wp-block-image size-large\"><img loading=\"lazy\" decoding=\"async\" width=\"1121\" height=\"1495\" src=\"https:\/\/sansserif.fr\/wp-content\/uploads\/2026\/08\/WhatsApp-Image-2026-06-12-at-11.21.19-8-edited.jpeg\" alt=\"\" class=\"wp-image-839\" srcset=\"https:\/\/sansserif.fr\/wp-content\/uploads\/2026\/08\/WhatsApp-Image-2026-06-12-at-11.21.19-8-edited.jpeg 1121w, https:\/\/sansserif.fr\/wp-content\/uploads\/2026\/08\/WhatsApp-Image-2026-06-12-at-11.21.19-8-edited-225x300.jpeg 225w, https:\/\/sansserif.fr\/wp-content\/uploads\/2026\/08\/WhatsApp-Image-2026-06-12-at-11.21.19-8-edited-768x1024.jpeg 768w\" sizes=\"auto, (max-width: 1121px) 100vw, 1121px\" \/><\/figure>\n<\/div>\n<\/div>\n\n\n\n<p class=\"wp-block-paragraph\"><\/p>\n\n\n\n<figure class=\"wp-block-gallery alignwide has-nested-images columns-default is-cropped wp-block-gallery-1 is-layout-flex wp-block-gallery-is-layout-flex\">\n<figure class=\"wp-block-image size-large\"><img loading=\"lazy\" decoding=\"async\" width=\"819\" height=\"1024\" data-id=\"809\" src=\"https:\/\/sansserif.fr\/wp-content\/uploads\/2026\/08\/DSF3689-819x1024.jpg\" alt=\"\" class=\"wp-image-809\" srcset=\"https:\/\/sansserif.fr\/wp-content\/uploads\/2026\/08\/DSF3689-819x1024.jpg 819w, https:\/\/sansserif.fr\/wp-content\/uploads\/2026\/08\/DSF3689-240x300.jpg 240w, https:\/\/sansserif.fr\/wp-content\/uploads\/2026\/08\/DSF3689-768x960.jpg 768w, https:\/\/sansserif.fr\/wp-content\/uploads\/2026\/08\/DSF3689-1229x1536.jpg 1229w, https:\/\/sansserif.fr\/wp-content\/uploads\/2026\/08\/DSF3689-1638x2048.jpg 1638w, https:\/\/sansserif.fr\/wp-content\/uploads\/2026\/08\/DSF3689-scaled.jpg 2048w\" sizes=\"auto, (max-width: 819px) 100vw, 819px\" \/><\/figure>\n\n\n\n<figure class=\"wp-block-image size-large\"><img loading=\"lazy\" decoding=\"async\" width=\"768\" height=\"1024\" data-id=\"815\" src=\"https:\/\/sansserif.fr\/wp-content\/uploads\/2026\/08\/WhatsApp-Image-2026-06-12-at-11.21.19-4-768x1024.jpeg\" alt=\"\" class=\"wp-image-815\" srcset=\"https:\/\/sansserif.fr\/wp-content\/uploads\/2026\/08\/WhatsApp-Image-2026-06-12-at-11.21.19-4-768x1024.jpeg 768w, https:\/\/sansserif.fr\/wp-content\/uploads\/2026\/08\/WhatsApp-Image-2026-06-12-at-11.21.19-4-225x300.jpeg 225w, https:\/\/sansserif.fr\/wp-content\/uploads\/2026\/08\/WhatsApp-Image-2026-06-12-at-11.21.19-4-1152x1536.jpeg 1152w, https:\/\/sansserif.fr\/wp-content\/uploads\/2026\/08\/WhatsApp-Image-2026-06-12-at-11.21.19-4.jpeg 1200w\" sizes=\"auto, (max-width: 768px) 100vw, 768px\" \/><\/figure>\n\n\n\n<figure class=\"wp-block-image size-large\"><img decoding=\"async\" data-id=\"808\" src=\"https:\/\/sansserif.fr\/wp-content\/uploads\/2026\/08\/DSF3649.jpg\" alt=\"\" class=\"wp-image-808\"\/><\/figure>\n<\/figure>\n\n\n\n<div class=\"wp-block-columns alignwide are-vertically-aligned-center is-layout-flex wp-container-core-columns-is-layout-b24c6994 wp-block-columns-is-layout-flex\">\n<div class=\"wp-block-column is-vertically-aligned-center is-layout-flow wp-block-column-is-layout-flow\" style=\"flex-basis:45%\">\n<figure class=\"wp-block-image size-large\"><img loading=\"lazy\" decoding=\"async\" width=\"819\" height=\"1024\" src=\"http:\/\/sansserif.fr\/wp-content\/uploads\/2026\/08\/DSF3522-819x1024.jpg\" alt=\"\" class=\"wp-image-802\" style=\"aspect-ratio:0.7998057875315595\" srcset=\"https:\/\/sansserif.fr\/wp-content\/uploads\/2026\/08\/DSF3522-819x1024.jpg 819w, https:\/\/sansserif.fr\/wp-content\/uploads\/2026\/08\/DSF3522-240x300.jpg 240w, https:\/\/sansserif.fr\/wp-content\/uploads\/2026\/08\/DSF3522-768x960.jpg 768w, https:\/\/sansserif.fr\/wp-content\/uploads\/2026\/08\/DSF3522-1229x1536.jpg 1229w, https:\/\/sansserif.fr\/wp-content\/uploads\/2026\/08\/DSF3522-1638x2048.jpg 1638w, https:\/\/sansserif.fr\/wp-content\/uploads\/2026\/08\/DSF3522-scaled.jpg 2048w\" sizes=\"auto, (max-width: 819px) 100vw, 819px\" \/><\/figure>\n\n\n\n<figure class=\"wp-block-image size-large\"><img loading=\"lazy\" decoding=\"async\" width=\"819\" height=\"1024\" src=\"http:\/\/sansserif.fr\/wp-content\/uploads\/2026\/08\/DSF3789-819x1024.jpg\" alt=\"\" class=\"wp-image-799\" srcset=\"https:\/\/sansserif.fr\/wp-content\/uploads\/2026\/08\/DSF3789-819x1024.jpg 819w, https:\/\/sansserif.fr\/wp-content\/uploads\/2026\/08\/DSF3789-240x300.jpg 240w, https:\/\/sansserif.fr\/wp-content\/uploads\/2026\/08\/DSF3789-768x960.jpg 768w, https:\/\/sansserif.fr\/wp-content\/uploads\/2026\/08\/DSF3789-1229x1536.jpg 1229w, https:\/\/sansserif.fr\/wp-content\/uploads\/2026\/08\/DSF3789-1638x2048.jpg 1638w, https:\/\/sansserif.fr\/wp-content\/uploads\/2026\/08\/DSF3789.jpg 1772w\" sizes=\"auto, (max-width: 819px) 100vw, 819px\" \/><\/figure>\n<\/div>\n\n\n\n<div class=\"wp-block-column is-vertically-aligned-center is-layout-flow wp-block-column-is-layout-flow\" style=\"flex-basis:50%\">\n<p class=\"wp-block-paragraph\"><br>C\u2019est une refonte totale de l\u2019identit\u00e9 graphique que nous a confi\u00e9e Benjamin : du logo et sa charte graphique, \u00e0 la papeterie, en passant par les fonds d\u2019\u00e9cran et les stickers pour son mat\u00e9riel, c\u2019est toute la direction artistique de sa marque qui a \u00e9t\u00e9 repens\u00e9e.<\/p>\n\n\n\n<p class=\"wp-block-paragraph\">Le brief ? Am\u00e9liorer la lisibilit\u00e9 du logo existant et lui donner une identit\u00e9 plus marqu\u00e9e dans le secteur de l\u2019entreprise.<\/p>\n\n\n\n<p class=\"wp-block-paragraph\"><strong>Travail artistique<\/strong> <br>Nous avons imagin\u00e9 un univers plus technique avec une touche r\u00e9tro, en utilisant la typographie Greycliff CF. \u00c9paisse et affirm\u00e9e, cette police a \u00e9t\u00e9 s\u00e9lectionn\u00e9e pour sa p\u00e9rennit\u00e9. La d\u00e9coupe des chiffres est un clin d\u2019oeil \u00e0 l\u2019ancien logo et permet de cr\u00e9er un bloc assez condens\u00e9. C\u00f4t\u00e9 couleur, le bleu \u00ab\u00a0teal\u00a0\u00bb a \u00e9t\u00e9 choisi pour \u00eatre facilement identifiable parmi la concurrence et un motif holographique accompagne cette nouvelle identit\u00e9, lui apportant une dimension plus num\u00e9rique.<\/p>\n\n\n\n<p class=\"wp-block-paragraph\">Une nouvelle signature de marque jouant avec le monde de la photographie donne le ton et boucle cette identit\u00e9 de marque : <strong>\u00ab<\/strong>&nbsp;<strong>Calibrated for chaos<\/strong>&nbsp;<strong>\u00bb<\/strong> (\u00ab&nbsp;Calibr\u00e9 pour le chaos&nbsp;\u00bb).<\/p>\n\n\n\n<p class=\"wp-block-paragraph\"><\/p>\n\n\n\n<p class=\"wp-block-paragraph\">256LAB proposant \u00e9galement un service de location de mat\u00e9riel, nous avons imagin\u00e9 un branding sous forme de stickers de diff\u00e9rents formats afin d\u2019apposer la marque 256LAB sur le mat\u00e9riel.&nbsp;<\/p>\n\n\n\n<p class=\"wp-block-paragraph\">Ainsi, des cartes d\u2019identit\u00e9 ont \u00e9t\u00e9 con\u00e7ues pour identifier et nommer chaque \u00e9cran, ordinateur, iPad, etc. Ces cartes d&rsquo;identit\u00e9 regroupent diff\u00e9rentes informations : le logo, l\u2019identification de l\u2019objet, un QR code renvoyant vers la page Instagram et la signature de la marque.<\/p>\n\n\n\n<p class=\"wp-block-paragraph\"><\/p>\n\n\n\n<p class=\"wp-block-paragraph\"><\/p>\n<\/div>\n\n\n\n<div class=\"wp-block-column is-layout-flow wp-block-column-is-layout-flow\"><\/div>\n<\/div>\n\n\n\n<div class=\"wp-block-columns alignwide are-vertically-aligned-center is-layout-flex wp-container-core-columns-is-layout-b24c6994 wp-block-columns-is-layout-flex\">\n<div class=\"wp-block-column is-vertically-aligned-center is-layout-flow wp-block-column-is-layout-flow\" style=\"flex-basis:50%\">\n<p class=\"wp-block-paragraph\"><br><\/p>\n\n\n\n<p class=\"wp-block-paragraph\">D\u2019autres stickers on \u00e9t\u00e9 pens\u00e9s pour la remise des disques durs \u00e0 la fin des shootings, permettant de garder une trace du projet avec le nom du photographe, du client, la date, etc. Les stickers sont pos\u00e9s sur des pochettes holographiques dans lesquelles sont gliss\u00e9s les disques durs.<\/p>\n\n\n\n<p class=\"wp-block-paragraph\">Une dizaine de stickers compl\u00e8tent la s\u00e9rie, de petits formats pour pouvoir \u00eatre appos\u00e9s sur des objectifs ou encore des tr\u00e9pieds.<\/p>\n\n\n\n<p class=\"wp-block-paragraph\">Pour accro\u00eetre la visibilit\u00e9 de la marque sur les shootings, nous avons imagin\u00e9 des fonds d\u2019\u00e9cran mettant en avant la signature de marque.<\/p>\n\n\n\n<p class=\"wp-block-paragraph\">Enfin, une petite gamme de papeterie a \u00e9t\u00e9 con\u00e7ue avec des cartes de visite et des cartons de remerciement. Une signature e-mail compl\u00e8te cette liste de d\u00e9clinaisons.<\/p>\n\n\n\n<p class=\"wp-block-paragraph\"><\/p>\n<\/div>\n\n\n\n<div class=\"wp-block-column is-vertically-aligned-center is-layout-flow wp-block-column-is-layout-flow\" style=\"flex-basis:45%\">\n<figure class=\"wp-block-image size-large\"><img loading=\"lazy\" decoding=\"async\" width=\"819\" height=\"1024\" src=\"http:\/\/sansserif.fr\/wp-content\/uploads\/2026\/08\/DSF3712-819x1024.jpg\" alt=\"\" class=\"wp-image-810\" style=\"aspect-ratio:0.7998057875315595\" srcset=\"https:\/\/sansserif.fr\/wp-content\/uploads\/2026\/08\/DSF3712-819x1024.jpg 819w, https:\/\/sansserif.fr\/wp-content\/uploads\/2026\/08\/DSF3712-240x300.jpg 240w, https:\/\/sansserif.fr\/wp-content\/uploads\/2026\/08\/DSF3712-768x960.jpg 768w, https:\/\/sansserif.fr\/wp-content\/uploads\/2026\/08\/DSF3712-1229x1536.jpg 1229w, https:\/\/sansserif.fr\/wp-content\/uploads\/2026\/08\/DSF3712-1638x2048.jpg 1638w, https:\/\/sansserif.fr\/wp-content\/uploads\/2026\/08\/DSF3712-scaled.jpg 2048w\" sizes=\"auto, (max-width: 819px) 100vw, 819px\" \/><\/figure>\n\n\n\n<figure class=\"wp-block-image size-full\"><img loading=\"lazy\" decoding=\"async\" width=\"2362\" height=\"2362\" src=\"https:\/\/sansserif.fr\/wp-content\/uploads\/2026\/08\/DSF3540-edited.jpg\" alt=\"\" class=\"wp-image-835\" srcset=\"https:\/\/sansserif.fr\/wp-content\/uploads\/2026\/08\/DSF3540-edited.jpg 2362w, https:\/\/sansserif.fr\/wp-content\/uploads\/2026\/08\/DSF3540-edited-300x300.jpg 300w, https:\/\/sansserif.fr\/wp-content\/uploads\/2026\/08\/DSF3540-edited-1024x1024.jpg 1024w, https:\/\/sansserif.fr\/wp-content\/uploads\/2026\/08\/DSF3540-edited-150x150.jpg 150w, https:\/\/sansserif.fr\/wp-content\/uploads\/2026\/08\/DSF3540-edited-768x768.jpg 768w, https:\/\/sansserif.fr\/wp-content\/uploads\/2026\/08\/DSF3540-edited-1536x1536.jpg 1536w, https:\/\/sansserif.fr\/wp-content\/uploads\/2026\/08\/DSF3540-edited-2048x2048.jpg 2048w\" sizes=\"auto, (max-width: 2362px) 100vw, 2362px\" \/><\/figure>\n<\/div>\n\n\n\n<div class=\"wp-block-column is-layout-flow wp-block-column-is-layout-flow\"><\/div>\n<\/div>\n\n\n\n<h2 class=\"wp-block-heading\"><\/h2>\n\n\n\n<div class=\"wp-block-columns alignwide is-layout-flex wp-container-core-columns-is-layout-6e19a759 wp-block-columns-is-layout-flex\">\n<div class=\"wp-block-column is-vertically-aligned-stretch is-layout-flow wp-block-column-is-layout-flow\" style=\"flex-basis:66.67%\">\n<figure class=\"wp-block-image size-large\"><img loading=\"lazy\" decoding=\"async\" width=\"1024\" height=\"662\" src=\"http:\/\/sansserif.fr\/wp-content\/uploads\/2026\/08\/256LAB_FOND-D-ECRAN_MACBOOK-1024x662.png\" alt=\"\" class=\"wp-image-827\" srcset=\"https:\/\/sansserif.fr\/wp-content\/uploads\/2026\/08\/256LAB_FOND-D-ECRAN_MACBOOK-1024x662.png 1024w, https:\/\/sansserif.fr\/wp-content\/uploads\/2026\/08\/256LAB_FOND-D-ECRAN_MACBOOK-300x194.png 300w, https:\/\/sansserif.fr\/wp-content\/uploads\/2026\/08\/256LAB_FOND-D-ECRAN_MACBOOK-768x496.png 768w, https:\/\/sansserif.fr\/wp-content\/uploads\/2026\/08\/256LAB_FOND-D-ECRAN_MACBOOK-1536x993.png 1536w, https:\/\/sansserif.fr\/wp-content\/uploads\/2026\/08\/256LAB_FOND-D-ECRAN_MACBOOK-2048x1324.png 2048w\" sizes=\"auto, (max-width: 1024px) 100vw, 1024px\" \/><\/figure>\n<\/div>\n\n\n\n<div class=\"wp-block-column is-layout-flow wp-block-column-is-layout-flow\" style=\"flex-basis:33.33%\">\n<figure class=\"wp-block-image size-large\"><img loading=\"lazy\" decoding=\"async\" width=\"768\" height=\"1024\" src=\"http:\/\/sansserif.fr\/wp-content\/uploads\/2026\/08\/WhatsApp-Image-2026-06-12-at-11.21.19-10-edited-768x1024.jpeg\" alt=\"\" class=\"wp-image-828\" srcset=\"https:\/\/sansserif.fr\/wp-content\/uploads\/2026\/08\/WhatsApp-Image-2026-06-12-at-11.21.19-10-edited-768x1024.jpeg 768w, https:\/\/sansserif.fr\/wp-content\/uploads\/2026\/08\/WhatsApp-Image-2026-06-12-at-11.21.19-10-edited-225x300.jpeg 225w, https:\/\/sansserif.fr\/wp-content\/uploads\/2026\/08\/WhatsApp-Image-2026-06-12-at-11.21.19-10-edited.jpeg 906w\" sizes=\"auto, (max-width: 768px) 100vw, 768px\" \/><\/figure>\n<\/div>\n<\/div>\n\n\n\n<figure class=\"wp-block-gallery alignwide has-nested-images columns-default is-cropped wp-block-gallery-2 is-layout-flex wp-block-gallery-is-layout-flex\">\n<figure class=\"wp-block-image size-large\"><img loading=\"lazy\" decoding=\"async\" width=\"819\" height=\"1024\" data-id=\"811\" src=\"http:\/\/sansserif.fr\/wp-content\/uploads\/2026\/08\/DSF3717-819x1024.jpg\" alt=\"\" class=\"wp-image-811\" srcset=\"https:\/\/sansserif.fr\/wp-content\/uploads\/2026\/08\/DSF3717-819x1024.jpg 819w, https:\/\/sansserif.fr\/wp-content\/uploads\/2026\/08\/DSF3717-240x300.jpg 240w, https:\/\/sansserif.fr\/wp-content\/uploads\/2026\/08\/DSF3717-768x960.jpg 768w, https:\/\/sansserif.fr\/wp-content\/uploads\/2026\/08\/DSF3717-1229x1536.jpg 1229w, https:\/\/sansserif.fr\/wp-content\/uploads\/2026\/08\/DSF3717-1638x2048.jpg 1638w, https:\/\/sansserif.fr\/wp-content\/uploads\/2026\/08\/DSF3717-scaled.jpg 2048w\" sizes=\"auto, (max-width: 819px) 100vw, 819px\" \/><\/figure>\n\n\n\n<figure class=\"wp-block-image size-large\"><img loading=\"lazy\" decoding=\"async\" width=\"819\" height=\"1024\" data-id=\"812\" src=\"https:\/\/sansserif.fr\/wp-content\/uploads\/2026\/08\/DSF3763-819x1024.jpg\" alt=\"\" class=\"wp-image-812\" srcset=\"https:\/\/sansserif.fr\/wp-content\/uploads\/2026\/08\/DSF3763-819x1024.jpg 819w, https:\/\/sansserif.fr\/wp-content\/uploads\/2026\/08\/DSF3763-240x300.jpg 240w, https:\/\/sansserif.fr\/wp-content\/uploads\/2026\/08\/DSF3763-768x960.jpg 768w, https:\/\/sansserif.fr\/wp-content\/uploads\/2026\/08\/DSF3763-1229x1536.jpg 1229w, https:\/\/sansserif.fr\/wp-content\/uploads\/2026\/08\/DSF3763-1638x2048.jpg 1638w, https:\/\/sansserif.fr\/wp-content\/uploads\/2026\/08\/DSF3763-scaled.jpg 2048w\" sizes=\"auto, (max-width: 819px) 100vw, 819px\" \/><\/figure>\n\n\n\n<figure class=\"wp-block-image size-large\"><img loading=\"lazy\" decoding=\"async\" width=\"768\" height=\"1024\" data-id=\"815\" src=\"https:\/\/sansserif.fr\/wp-content\/uploads\/2026\/08\/WhatsApp-Image-2026-06-12-at-11.21.19-4-768x1024.jpeg\" alt=\"\" class=\"wp-image-815\" srcset=\"https:\/\/sansserif.fr\/wp-content\/uploads\/2026\/08\/WhatsApp-Image-2026-06-12-at-11.21.19-4-768x1024.jpeg 768w, https:\/\/sansserif.fr\/wp-content\/uploads\/2026\/08\/WhatsApp-Image-2026-06-12-at-11.21.19-4-225x300.jpeg 225w, https:\/\/sansserif.fr\/wp-content\/uploads\/2026\/08\/WhatsApp-Image-2026-06-12-at-11.21.19-4-1152x1536.jpeg 1152w, https:\/\/sansserif.fr\/wp-content\/uploads\/2026\/08\/WhatsApp-Image-2026-06-12-at-11.21.19-4.jpeg 1200w\" sizes=\"auto, (max-width: 768px) 100vw, 768px\" \/><\/figure>\n\n\n\n<figure class=\"wp-block-image size-large\"><img decoding=\"async\" data-id=\"806\" src=\"https:\/\/sansserif.fr\/wp-content\/uploads\/2026\/08\/DSF3573.jpg\" alt=\"\" class=\"wp-image-806\"\/><\/figure>\n\n\n\n<figure class=\"wp-block-image size-large\"><img decoding=\"async\" data-id=\"807\" src=\"https:\/\/sansserif.fr\/wp-content\/uploads\/2026\/08\/DSF3601.jpg\" alt=\"\" class=\"wp-image-807\"\/><\/figure>\n\n\n\n<figure class=\"wp-block-image size-large\"><img decoding=\"async\" data-id=\"805\" src=\"https:\/\/sansserif.fr\/wp-content\/uploads\/2026\/08\/DSF3550.jpg\" alt=\"\" class=\"wp-image-805\"\/><\/figure>\n\n\n\n<figure class=\"wp-block-image size-large\"><img loading=\"lazy\" decoding=\"async\" width=\"819\" height=\"1024\" data-id=\"801\" src=\"https:\/\/sansserif.fr\/wp-content\/uploads\/2026\/08\/DSF3504-819x1024.jpg\" alt=\"\" class=\"wp-image-801\" srcset=\"https:\/\/sansserif.fr\/wp-content\/uploads\/2026\/08\/DSF3504-819x1024.jpg 819w, https:\/\/sansserif.fr\/wp-content\/uploads\/2026\/08\/DSF3504-240x300.jpg 240w, https:\/\/sansserif.fr\/wp-content\/uploads\/2026\/08\/DSF3504-768x960.jpg 768w, https:\/\/sansserif.fr\/wp-content\/uploads\/2026\/08\/DSF3504-1229x1536.jpg 1229w, https:\/\/sansserif.fr\/wp-content\/uploads\/2026\/08\/DSF3504-1638x2048.jpg 1638w, https:\/\/sansserif.fr\/wp-content\/uploads\/2026\/08\/DSF3504-scaled.jpg 2048w\" sizes=\"auto, (max-width: 819px) 100vw, 819px\" \/><\/figure>\n\n\n\n<figure class=\"wp-block-image size-large\"><img loading=\"lazy\" decoding=\"async\" width=\"768\" height=\"1024\" data-id=\"817\" src=\"https:\/\/sansserif.fr\/wp-content\/uploads\/2026\/08\/WhatsApp-Image-2026-06-12-at-11.21.19-9-768x1024.jpeg\" alt=\"\" class=\"wp-image-817\" srcset=\"https:\/\/sansserif.fr\/wp-content\/uploads\/2026\/08\/WhatsApp-Image-2026-06-12-at-11.21.19-9-768x1024.jpeg 768w, https:\/\/sansserif.fr\/wp-content\/uploads\/2026\/08\/WhatsApp-Image-2026-06-12-at-11.21.19-9-225x300.jpeg 225w, https:\/\/sansserif.fr\/wp-content\/uploads\/2026\/08\/WhatsApp-Image-2026-06-12-at-11.21.19-9-1152x1536.jpeg 1152w, https:\/\/sansserif.fr\/wp-content\/uploads\/2026\/08\/WhatsApp-Image-2026-06-12-at-11.21.19-9.jpeg 1200w\" sizes=\"auto, (max-width: 768px) 100vw, 768px\" \/><\/figure>\n<\/figure>\n\n\n\n<p class=\"wp-block-paragraph\"><br><br><\/p>\n<\/div>\n<\/div>\n\n\n\n<p class=\"wp-block-paragraph\"><\/p>\n","protected":false},"excerpt":{"rendered":"<p>Branding 256LAB Refonte de l&rsquo;identit\u00e9 de marque de 256LAB (Paris). 256LAB est une soci\u00e9t\u00e9 de capture num\u00e9rique bas\u00e9e \u00e0 Paris fond\u00e9e par Benjamin Marois.&nbsp; Sans Serif l\u2019a accompagn\u00e9 dans l\u2019\u00e9volution de son identit\u00e9 de marque, jusqu\u2019ici limit\u00e9e \u00e0 un logo.&nbsp; C\u2019est une refonte totale de l\u2019identit\u00e9 graphique que nous a confi\u00e9e Benjamin : du logo [&hellip;]<\/p>\n","protected":false},"author":1,"featured_media":0,"parent":0,"menu_order":0,"comment_status":"closed","ping_status":"closed","template":"","meta":{"footnotes":""},"class_list":["post-797","page","type-page","status-publish","hentry"],"_links":{"self":[{"href":"https:\/\/sansserif.fr\/index.php?rest_route=\/wp\/v2\/pages\/797","targetHints":{"allow":["GET"]}}],"collection":[{"href":"https:\/\/sansserif.fr\/index.php?rest_route=\/wp\/v2\/pages"}],"about":[{"href":"https:\/\/sansserif.fr\/index.php?rest_route=\/wp\/v2\/types\/page"}],"author":[{"embeddable":true,"href":"https:\/\/sansserif.fr\/index.php?rest_route=\/wp\/v2\/users\/1"}],"replies":[{"embeddable":true,"href":"https:\/\/sansserif.fr\/index.php?rest_route=%2Fwp%2Fv2%2Fcomments&post=797"}],"version-history":[{"count":17,"href":"https:\/\/sansserif.fr\/index.php?rest_route=\/wp\/v2\/pages\/797\/revisions"}],"predecessor-version":[{"id":843,"href":"https:\/\/sansserif.fr\/index.php?rest_route=\/wp\/v2\/pages\/797\/revisions\/843"}],"wp:attachment":[{"href":"https:\/\/sansserif.fr\/index.php?rest_route=%2Fwp%2Fv2%2Fmedia&parent=797"}],"curies":[{"name":"wp","href":"https:\/\/api.w.org\/{rel}","templated":true}]}}